{"id":51,"date":"2022-09-26T19:24:51","date_gmt":"2022-09-26T17:24:51","guid":{"rendered":"http:\/\/feuerwehr-ebersgoens.de\/wordpress\/?page_id=51"},"modified":"2026-04-08T10:23:17","modified_gmt":"2026-04-08T09:23:17","slug":"downloads","status":"publish","type":"page","link":"https:\/\/feuerwehr-ebersgoens.de\/wordpress\/?page_id=51","title":{"rendered":"Downloads"},"content":{"rendered":"\n<p><strong><em>Sofern Ihr Ger\u00e4t Clouddienste unterst\u00fctzt, finden Sie \u00f6ffentliche Informationen und Downloads auch auf unserem Nextcloud-Server: <a href=\"https:\/\/wuschel.ddns.net\/s\/WAnskHDkbkq6GXH\" data-type=\"URL\" data-id=\"https:\/\/wuschel.ddns.net\/s\/WAnskHDkbkq6GXH\" target=\"_blank\" rel=\"noreferrer noopener\">Link &gt;&gt;&gt;<\/a><\/em><\/strong><\/p>\n\n\n\n<p><\/p>\n\n\n\n<p><strong>F\u00fcr Verein und Einsatzabteilung gelten folgende Dokumente:<\/strong><\/p>\n\n\n\n<div class=\"wp-block-columns alignwide is-layout-flex wp-container-core-columns-is-layout-28f84493 wp-block-columns-is-layout-flex\">\n<div class=\"wp-block-column has-luminous-vivid-amber-background-color has-text-color has-background has-link-color wp-elements-516320c2bf114e2e2b9f2407cca31c73 is-layout-flow wp-block-column-is-layout-flow\" style=\"color:#000000;padding-top:2em;padding-right:2em;padding-bottom:2em;padding-left:2em\">\n<h2 class=\"wp-block-heading has-text-align-center has-medium-font-size\" id=\"single\"><strong>Aufnahmeantrag<\/strong><\/h2>\n\n\n\n<p class=\"has-text-align-center has-normal-font-size\" style=\"line-height:1.5\"><strong>Werden Sie Mitglied<\/strong><\/p>\n\n\n\n<hr class=\"wp-block-separator has-text-color has-css-opacity has-background is-style-wide\" style=\"background-color:#000000;color:#000000\"\/>\n\n\n\n<ul class=\"wp-block-list\">\n<li>5,00 EUR\/Jahr f\u00fcr Kinder und Jugendliche bis 18 Jahre<\/li>\n\n\n\n<li>15-20 EUR\/Jahr f\u00fcr Erwachsene<\/li>\n<\/ul>\n\n\n\n<div class=\"wp-block-buttons alignfull is-horizontal is-content-justification-center is-layout-flex wp-container-core-buttons-is-layout-03627597 wp-block-buttons-is-layout-flex\">\n<div class=\"wp-block-button\"><a class=\"wp-block-button__link has-luminous-vivid-amber-color has-text-color wp-element-button\" href=\"https:\/\/feuerwehr-ebersgoens.de\/wordpress\/wp-content\/uploads\/2024\/05\/Eintrittsformular_20240302.pdf\" target=\"_blank\" rel=\"noreferrer noopener\">Herunterladen<\/a><\/div>\n<\/div>\n<\/div>\n\n\n\n<div class=\"wp-block-column has-luminous-vivid-amber-background-color has-text-color has-background has-link-color wp-elements-fd474489ed8886288f426cccfbf1cd7e is-layout-flow wp-block-column-is-layout-flow\" style=\"color:#000000;padding-top:2em;padding-right:2em;padding-bottom:2em;padding-left:2em\">\n<h2 class=\"wp-block-heading has-text-align-center has-medium-font-size\" id=\"family\"><strong>Vereinssatzung<\/strong><\/h2>\n\n\n\n<p class=\"has-text-align-center has-normal-font-size\" style=\"line-height:1.5\"><strong>Satzung des F\u00f6rdervereins<\/strong><\/p>\n\n\n\n<hr class=\"wp-block-separator has-css-opacity is-style-wide\"\/>\n\n\n\n<ul class=\"wp-block-list\">\n<li>Ziele und Aufgaben des Vereins<\/li>\n\n\n\n<li>Rechte und Pflichten der Mitglieder<\/li>\n<\/ul>\n\n\n\n<div class=\"wp-block-buttons alignfull is-horizontal is-content-justification-center is-layout-flex wp-container-core-buttons-is-layout-03627597 wp-block-buttons-is-layout-flex\">\n<div class=\"wp-block-button\"><a class=\"wp-block-button__link has-luminous-vivid-amber-color has-text-color wp-element-button\" href=\"https:\/\/feuerwehr-ebersgoens.de\/wordpress\/wp-content\/uploads\/2026\/04\/20260207_Satzung_final_web.pdf\" target=\"_blank\" rel=\"noreferrer noopener\">Herunterladen<\/a><\/div>\n<\/div>\n<\/div>\n\n\n\n<div class=\"wp-block-column has-luminous-vivid-amber-background-color has-text-color has-background has-link-color wp-elements-00a9341505adf4e7d72fdd6a1132b610 is-layout-flow wp-block-column-is-layout-flow\" style=\"color:#000000;padding-top:2em;padding-right:2em;padding-bottom:2em;padding-left:2em\">\n<h2 class=\"wp-block-heading has-text-align-center has-medium-font-size\" id=\"patron\"><strong>Gesch\u00e4ftsordnung<\/strong><\/h2>\n\n\n\n<p class=\"has-text-align-center has-normal-font-size\"><strong>Beitrags- und Gesch\u00e4ftsordnung<\/strong><\/p>\n\n\n\n<hr class=\"wp-block-separator has-css-opacity is-style-wide\"\/>\n\n\n\n<ul class=\"wp-block-list\">\n<li>Beitr\u00e4ge<\/li>\n\n\n\n<li>Ehrungen<\/li>\n\n\n\n<li>Verfahrensordnungen<\/li>\n<\/ul>\n\n\n\n<div class=\"wp-block-buttons alignfull is-horizontal is-content-justification-center is-layout-flex wp-container-core-buttons-is-layout-03627597 wp-block-buttons-is-layout-flex\">\n<div class=\"wp-block-button\"><a class=\"wp-block-button__link has-luminous-vivid-amber-color has-text-color wp-element-button\" href=\"https:\/\/feuerwehr-ebersgoens.de\/wordpress\/wp-content\/uploads\/2026\/04\/20260207_Geschaeftsordnung_final_web.pdf\" target=\"_blank\" rel=\"noreferrer noopener\">Herunterladen<\/a><\/div>\n<\/div>\n<\/div>\n<\/div>\n\n\n\n<p><strong>Wir sind Teil der Feuerwehr der Stadt Butzbach, daher gilt f\u00fcr uns auch die Feuerwehrsatzung der Stadt Butzbach. Weiterhin sind f\u00fcr die Einsatzabteilung die folgenden Dokumente relevant:<\/strong><\/p>\n\n\n\n<div class=\"wp-block-columns alignwide is-layout-flex wp-container-core-columns-is-layout-28f84493 wp-block-columns-is-layout-flex\">\n<div class=\"wp-block-column has-luminous-vivid-orange-background-color has-text-color has-background has-link-color wp-elements-c89eaffd8f00c8edde7010764a39eb3e is-layout-flow wp-block-column-is-layout-flow\" style=\"color:#000000;padding-top:2em;padding-right:2em;padding-bottom:2em;padding-left:2em\">\n<h2 class=\"wp-block-heading has-text-align-center has-medium-font-size\" id=\"single\"><strong>Feuerwehrsatzung<\/strong><br><strong>Butzbach<\/strong><\/h2>\n\n\n\n<p class=\"has-text-align-center has-normal-font-size\" style=\"line-height:1.5\"><strong>Als Teil der Feuerwehr Butzbach auch f\u00fcr uns relevant<\/strong><\/p>\n\n\n\n<hr class=\"wp-block-separator has-text-color has-css-opacity has-background is-style-wide\" style=\"background-color:#000000;color:#000000\"\/>\n\n\n\n<div class=\"wp-block-buttons alignfull is-horizontal is-content-justification-center is-layout-flex wp-container-core-buttons-is-layout-03627597 wp-block-buttons-is-layout-flex\">\n<div class=\"wp-block-button\"><a class=\"wp-block-button__link has-luminous-vivid-orange-color has-text-color wp-element-button\" href=\"https:\/\/feuerwehr-ebersgoens.de\/wordpress\/wp-content\/uploads\/2022\/10\/Satzung_FW_Butzbach-3.1.pdf\" target=\"_blank\" rel=\"noreferrer noopener\">Herunterladen<\/a><\/div>\n<\/div>\n<\/div>\n<\/div>\n\n\n\n<div class=\"wp-block-columns alignwide is-layout-flex wp-container-core-columns-is-layout-28f84493 wp-block-columns-is-layout-flex\">\n<div class=\"wp-block-column is-layout-flow wp-block-column-is-layout-flow\"><\/div>\n\n\n\n<div class=\"wp-block-column is-layout-flow wp-block-column-is-layout-flow\"><\/div>\n<\/div>\n\n\n\n<p><strong>Dienstvorschriften<\/strong><\/p>\n\n\n\n<div class=\"wp-block-columns alignwide is-layout-flex wp-container-core-columns-is-layout-28f84493 wp-block-columns-is-layout-flex\">\n<div class=\"wp-block-column has-vivid-red-background-color has-text-color has-background has-link-color wp-elements-a99afded2017aa651d0158bcccc726ad is-layout-flow wp-block-column-is-layout-flow\" style=\"color:#000000;padding-top:2em;padding-right:2em;padding-bottom:2em;padding-left:2em\">\n<h2 class=\"wp-block-heading has-text-align-center has-medium-font-size\" id=\"single\"><strong>FwDV 1<\/strong><\/h2>\n\n\n\n<p class=\"has-text-align-center\" style=\"font-size:15px;line-height:1.5\">Grundt\u00e4tigkeiten<br>&#8211; L\u00f6sch- und Hilfeleistungseinsatz &#8211;<\/p>\n\n\n\n<hr class=\"wp-block-separator has-text-color has-css-opacity has-background is-style-wide\" style=\"background-color:#000000;color:#000000\"\/>\n\n\n\n<div class=\"wp-block-buttons alignfull is-horizontal is-content-justification-center is-layout-flex wp-container-core-buttons-is-layout-03627597 wp-block-buttons-is-layout-flex\">\n<div class=\"wp-block-button\"><a class=\"wp-block-button__link has-vivid-red-color has-text-color wp-element-button\" href=\"https:\/\/feuerwehr-ebersgoens.de\/wordpress\/wp-content\/uploads\/2022\/09\/FwDV-1.pdf\" target=\"_blank\" rel=\"noreferrer noopener\">Herunterladen<\/a><\/div>\n<\/div>\n<\/div>\n\n\n\n<div class=\"wp-block-column has-vivid-red-background-color has-text-color has-background has-link-color wp-elements-7c73612d80e238499c2ab66badaad89c is-layout-flow wp-block-column-is-layout-flow\" style=\"color:#000000;padding-top:2em;padding-right:2em;padding-bottom:2em;padding-left:2em\">\n<h2 class=\"wp-block-heading has-text-align-center has-medium-font-size\" id=\"family\"><strong>FwDV 2<\/strong><\/h2>\n\n\n\n<p class=\"has-text-align-center\" style=\"font-size:15px\">Ausbildung der<br>Freiwilligen Feuerwehren<\/p>\n\n\n\n<hr class=\"wp-block-separator has-css-opacity is-style-wide\"\/>\n\n\n\n<div class=\"wp-block-buttons alignfull is-horizontal is-content-justification-center is-layout-flex wp-container-core-buttons-is-layout-03627597 wp-block-buttons-is-layout-flex\">\n<div class=\"wp-block-button\"><a class=\"wp-block-button__link has-vivid-red-color has-text-color wp-element-button\" href=\"https:\/\/feuerwehr-ebersgoens.de\/wordpress\/wp-content\/uploads\/2022\/09\/HLFS_Veranstaltungsplan_2022_Marburg.pdf\" target=\"_blank\" rel=\"noreferrer noopener\">Herunterladen<\/a><\/div>\n<\/div>\n<\/div>\n\n\n\n<div class=\"wp-block-column has-vivid-red-background-color has-text-color has-background has-link-color wp-elements-febc08616ad68176a55f6e1d189b946c is-layout-flow wp-block-column-is-layout-flow\" style=\"color:#000000;padding-top:2em;padding-right:2em;padding-bottom:2em;padding-left:2em\">\n<h2 class=\"wp-block-heading has-text-align-center has-medium-font-size\" id=\"patron\"><strong>FwDV 3<\/strong><\/h2>\n\n\n\n<p class=\"has-text-align-center\" style=\"font-size:15px\">Einheiten im L\u00f6sch- und Hilfeleistungseinsatz<\/p>\n\n\n\n<hr class=\"wp-block-separator has-css-opacity is-style-wide\"\/>\n\n\n\n<div class=\"wp-block-buttons alignfull is-horizontal is-content-justification-center is-layout-flex wp-container-core-buttons-is-layout-03627597 wp-block-buttons-is-layout-flex\">\n<div class=\"wp-block-button\"><a class=\"wp-block-button__link has-vivid-red-color has-text-color wp-element-button\" href=\"https:\/\/feuerwehr-ebersgoens.de\/wordpress\/wp-content\/uploads\/2022\/09\/FwDV-3.pdf\" target=\"_blank\" rel=\"noreferrer noopener\">Herunterladen<\/a><\/div>\n<\/div>\n<\/div>\n<\/div>\n\n\n\n<div class=\"wp-block-columns alignwide is-layout-flex wp-container-core-columns-is-layout-28f84493 wp-block-columns-is-layout-flex\">\n<div class=\"wp-block-column has-vivid-red-background-color has-text-color has-background has-link-color wp-elements-38ed6f7fb4af00532808792a83f91280 is-layout-flow wp-block-column-is-layout-flow\" style=\"color:#000000;padding-top:2em;padding-right:2em;padding-bottom:2em;padding-left:2em\">\n<h2 class=\"wp-block-heading has-text-align-center has-medium-font-size\" id=\"single\"><strong>FwDV 7<\/strong><\/h2>\n\n\n\n<p class=\"has-text-align-center\" style=\"font-size:15px;line-height:1.5\">Atemschutz<\/p>\n\n\n\n<hr class=\"wp-block-separator has-text-color has-css-opacity has-background is-style-wide\" style=\"background-color:#000000;color:#000000\"\/>\n\n\n\n<div class=\"wp-block-buttons alignfull is-horizontal is-content-justification-center is-layout-flex wp-container-core-buttons-is-layout-03627597 wp-block-buttons-is-layout-flex\">\n<div class=\"wp-block-button\"><a class=\"wp-block-button__link has-vivid-red-color has-text-color wp-element-button\" href=\"https:\/\/feuerwehr-ebersgoens.de\/wordpress\/wp-content\/uploads\/2022\/09\/FwDV-7.pdf\" target=\"_blank\" rel=\"noreferrer noopener\">Herunterladen<\/a><\/div>\n<\/div>\n<\/div>\n\n\n\n<div class=\"wp-block-column has-vivid-red-background-color has-text-color has-background has-link-color wp-elements-c1c7c66ee444eda59d653b8e993abbb1 is-layout-flow wp-block-column-is-layout-flow\" style=\"color:#000000;padding-top:2em;padding-right:2em;padding-bottom:2em;padding-left:2em\">\n<h2 class=\"wp-block-heading has-text-align-center has-medium-font-size\" id=\"family\"><strong>FwDV 8 <\/strong><\/h2>\n\n\n\n<p class=\"has-text-align-center\" style=\"font-size:15px\">Tauchen<\/p>\n\n\n\n<hr class=\"wp-block-separator has-css-opacity is-style-wide\"\/>\n\n\n\n<div class=\"wp-block-buttons alignfull is-horizontal is-content-justification-center is-layout-flex wp-container-core-buttons-is-layout-03627597 wp-block-buttons-is-layout-flex\">\n<div class=\"wp-block-button\"><a class=\"wp-block-button__link has-vivid-red-color has-text-color wp-element-button\" href=\"https:\/\/feuerwehr-ebersgoens.de\/wordpress\/wp-content\/uploads\/2022\/09\/FwDV-8.pdf\" target=\"_blank\" rel=\"noreferrer noopener\">Herunterladen<\/a><\/div>\n<\/div>\n<\/div>\n\n\n\n<div class=\"wp-block-column has-vivid-red-background-color has-text-color has-background has-link-color wp-elements-7913678bc96f26a3fa4690a4641e6e37 is-layout-flow wp-block-column-is-layout-flow\" style=\"color:#000000;padding-top:2em;padding-right:2em;padding-bottom:2em;padding-left:2em\">\n<h2 class=\"wp-block-heading has-text-align-center has-medium-font-size\" id=\"patron\"><strong>FwDV 10<\/strong><\/h2>\n\n\n\n<p class=\"has-text-align-center\" style=\"font-size:15px\">Die tragbaren Leitern<\/p>\n\n\n\n<hr class=\"wp-block-separator has-css-opacity is-style-wide\"\/>\n\n\n\n<div class=\"wp-block-buttons alignfull is-horizontal is-content-justification-center is-layout-flex wp-container-core-buttons-is-layout-03627597 wp-block-buttons-is-layout-flex\">\n<div class=\"wp-block-button\"><a class=\"wp-block-button__link has-vivid-red-color has-text-color wp-element-button\" href=\"https:\/\/feuerwehr-ebersgoens.de\/wordpress\/wp-content\/uploads\/2022\/09\/FwDV10.pdf\" target=\"_blank\" rel=\"noreferrer noopener\">Herunterladen<\/a><\/div>\n<\/div>\n<\/div>\n<\/div>\n\n\n\n<div class=\"wp-block-columns alignwide is-layout-flex wp-container-core-columns-is-layout-28f84493 wp-block-columns-is-layout-flex\">\n<div class=\"wp-block-column has-vivid-red-background-color has-text-color has-background has-link-color wp-elements-98ee51432aa3c5f7e33b95d8414651e6 is-layout-flow wp-block-column-is-layout-flow\" style=\"color:#000000;padding-top:2em;padding-right:2em;padding-bottom:2em;padding-left:2em\">\n<h2 class=\"wp-block-heading has-text-align-center has-medium-font-size\" id=\"single\"><strong>FwDV 100<\/strong><\/h2>\n\n\n\n<p class=\"has-text-align-center\" style=\"font-size:15px;line-height:1.5\">F\u00fchrung und Leitung im Einsatz<br>&#8211; F\u00fchrungssystem &#8211;<\/p>\n\n\n\n<hr class=\"wp-block-separator has-text-color has-css-opacity has-background is-style-wide\" style=\"background-color:#000000;color:#000000\"\/>\n\n\n\n<div class=\"wp-block-buttons alignfull is-horizontal is-content-justification-center is-layout-flex wp-container-core-buttons-is-layout-03627597 wp-block-buttons-is-layout-flex\">\n<div class=\"wp-block-button\"><a class=\"wp-block-button__link has-vivid-red-color has-text-color wp-element-button\" href=\"https:\/\/feuerwehr-ebersgoens.de\/wordpress\/wp-content\/uploads\/2022\/09\/FwDV-100.pdf\" target=\"_blank\" rel=\"noreferrer noopener\">Herunterladen<\/a><\/div>\n<\/div>\n<\/div>\n\n\n\n<div class=\"wp-block-column has-vivid-red-background-color has-text-color has-background has-link-color wp-elements-6d4dacd361c4eea2d75d7866cd3d5fa8 is-layout-flow wp-block-column-is-layout-flow\" style=\"color:#000000;padding-top:2em;padding-right:2em;padding-bottom:2em;padding-left:2em\">\n<h2 class=\"wp-block-heading has-text-align-center has-medium-font-size\" id=\"family\"><strong>FwDV 500 <\/strong><\/h2>\n\n\n\n<p class=\"has-text-align-center\" style=\"font-size:15px\">Einheiten im ABC-Einsatz<br><\/p>\n\n\n\n<hr class=\"wp-block-separator has-css-opacity is-style-wide\"\/>\n\n\n\n<div class=\"wp-block-buttons alignfull is-horizontal is-content-justification-center is-layout-flex wp-container-core-buttons-is-layout-03627597 wp-block-buttons-is-layout-flex\">\n<div class=\"wp-block-button\"><a class=\"wp-block-button__link has-vivid-red-color has-text-color wp-element-button\" href=\"https:\/\/feuerwehr-ebersgoens.de\/wordpress\/wp-content\/uploads\/2022\/09\/FwDV-500.pdf\" target=\"_blank\" rel=\"noreferrer noopener\">Herunterladen<\/a><\/div>\n<\/div>\n<\/div>\n\n\n\n<div class=\"wp-block-column has-vivid-red-background-color has-text-color has-background has-link-color wp-elements-32b57fd8d77cd7e3ec33e5ce96c90433 is-layout-flow wp-block-column-is-layout-flow\" style=\"color:#000000;padding-top:2em;padding-right:2em;padding-bottom:2em;padding-left:2em\">\n<h2 class=\"wp-block-heading has-text-align-center has-medium-font-size\" id=\"patron\"><strong>FwDV 820<\/strong><\/h2>\n\n\n\n<p class=\"has-text-align-center\" style=\"font-size:15px\">Betrieblich-taktische Regelungen im Digitalfunk BOS im Land Hessen<\/p>\n\n\n\n<hr class=\"wp-block-separator has-css-opacity is-style-wide\"\/>\n\n\n\n<div class=\"wp-block-buttons alignfull is-horizontal is-content-justification-center is-layout-flex wp-container-core-buttons-is-layout-03627597 wp-block-buttons-is-layout-flex\">\n<div class=\"wp-block-button\"><a class=\"wp-block-button__link has-vivid-red-color has-text-color wp-element-button\" href=\"https:\/\/feuerwehr-ebersgoens.de\/wordpress\/wp-content\/uploads\/2022\/09\/20200322-betriebliche-taktische-regelungen-df-2.01_02_freigabe_0.pdf\" target=\"_blank\" rel=\"noreferrer noopener\">Herunterladen<\/a><\/div>\n<\/div>\n<\/div>\n<\/div>\n\n\n\n<div class=\"wp-block-columns alignwide is-layout-flex wp-container-core-columns-is-layout-28f84493 wp-block-columns-is-layout-flex\">\n<div class=\"wp-block-column has-vivid-red-background-color has-text-color has-background has-link-color wp-elements-f1078bea17d29f0fb9a5a2eb658fea7f is-layout-flow wp-block-column-is-layout-flow\" style=\"color:#000000;padding-top:2em;padding-right:2em;padding-bottom:2em;padding-left:2em\">\n<h2 class=\"wp-block-heading has-text-align-center has-medium-font-size\" id=\"single\"><strong>KatSDV 400<\/strong><\/h2>\n\n\n\n<p class=\"has-text-align-center\" style=\"font-size:15px;line-height:1.5\">Der Sanit\u00e4tszug im Katastrophenschutz des Landes Hessen<br> <\/p>\n\n\n\n<hr class=\"wp-block-separator has-text-color has-css-opacity has-background is-style-wide\" style=\"background-color:#000000;color:#000000\"\/>\n\n\n\n<div class=\"wp-block-buttons alignfull is-horizontal is-content-justification-center is-layout-flex wp-container-core-buttons-is-layout-03627597 wp-block-buttons-is-layout-flex\">\n<div class=\"wp-block-button\"><a class=\"wp-block-button__link has-vivid-red-color has-text-color wp-element-button\" href=\"https:\/\/feuerwehr-ebersgoens.de\/wordpress\/wp-content\/uploads\/2022\/09\/kats_dv400he_2019_0.pdf\" target=\"_blank\" rel=\"noreferrer noopener\">Herunterladen<\/a><\/div>\n<\/div>\n<\/div>\n\n\n\n<div class=\"wp-block-column has-vivid-red-background-color has-text-color has-background has-link-color wp-elements-d0449fd3a120ce271d713c230dd4693d is-layout-flow wp-block-column-is-layout-flow\" style=\"color:#000000;padding-top:2em;padding-right:2em;padding-bottom:2em;padding-left:2em\">\n<h2 class=\"wp-block-heading has-text-align-center has-medium-font-size\" id=\"family\"><strong>KatSDV 510<\/strong><\/h2>\n\n\n\n<p class=\"has-text-align-center\" style=\"font-size:15px\">Gefahrstoffnachweis und Notfallprobenahme im Katastrophenschutz des Landes Hessen<\/p>\n\n\n\n<hr class=\"wp-block-separator has-css-opacity is-style-wide\"\/>\n\n\n\n<div class=\"wp-block-buttons alignfull is-horizontal is-content-justification-center is-layout-flex wp-container-core-buttons-is-layout-03627597 wp-block-buttons-is-layout-flex\">\n<div class=\"wp-block-button\"><a class=\"wp-block-button__link has-vivid-red-color has-text-color wp-element-button\" href=\"https:\/\/feuerwehr-ebersgoens.de\/wordpress\/wp-content\/uploads\/2022\/09\/kats-dv_510_he_0.pdf\" target=\"_blank\" rel=\"noreferrer noopener\">Herunterladen<\/a><\/div>\n<\/div>\n<\/div>\n\n\n\n<div class=\"wp-block-column has-vivid-red-background-color has-text-color has-background has-link-color wp-elements-44cba048151442d144730f136ea5311b is-layout-flow wp-block-column-is-layout-flow\" style=\"color:#000000;padding-top:2em;padding-right:2em;padding-bottom:2em;padding-left:2em\">\n<h2 class=\"wp-block-heading has-text-align-center has-medium-font-size\" id=\"patron\"><strong>KatSDV 600<\/strong><\/h2>\n\n\n\n<p class=\"has-text-align-center\" style=\"font-size:15px\">Der Betreuungszug im Katastrophenschutz des Landes Hessen<br> <\/p>\n\n\n\n<hr class=\"wp-block-separator has-css-opacity is-style-wide\"\/>\n\n\n\n<div class=\"wp-block-buttons alignfull is-horizontal is-content-justification-center is-layout-flex wp-container-core-buttons-is-layout-03627597 wp-block-buttons-is-layout-flex\">\n<div class=\"wp-block-button\"><a class=\"wp-block-button__link has-vivid-red-color has-text-color wp-element-button\" href=\"https:\/\/feuerwehr-ebersgoens.de\/wordpress\/wp-content\/uploads\/2022\/09\/katsdv_600_he_2019_0_0.pdf\" target=\"_blank\" rel=\"noreferrer noopener\">Herunterladen<\/a><\/div>\n<\/div>\n<\/div>\n<\/div>\n","protected":false},"excerpt":{"rendered":"<p>Sofern Ihr Ger\u00e4t Clouddienste unterst\u00fctzt, finden Sie \u00f6ffentliche Informationen und Downloads auch auf unserem Nextcloud-Server: Link &gt;&gt;&gt; F\u00fcr Verein und Einsatzabteilung gelten folgende Dokumente: Aufnahmeantrag Werden Sie Mitglied Vereinssatzung Satzung des F\u00f6rdervereins Gesch\u00e4ftsordnung Beitrags- und Gesch\u00e4ftsordnung Wir sind Teil der Feuerwehr der Stadt Butzbach, daher gilt f\u00fcr uns auch die Feuerwehrsatzung der Stadt Butzbach. Weiterhin [&hellip;]<\/p>\n","protected":false},"author":2,"featured_media":0,"parent":0,"menu_order":0,"comment_status":"closed","ping_status":"closed","template":"","meta":{"footnotes":""},"class_list":["post-51","page","type-page","status-publish","hentry"],"_links":{"self":[{"href":"https:\/\/feuerwehr-ebersgoens.de\/wordpress\/index.php?rest_route=\/wp\/v2\/pages\/51","targetHints":{"allow":["GET"]}}],"collection":[{"href":"https:\/\/feuerwehr-ebersgoens.de\/wordpress\/index.php?rest_route=\/wp\/v2\/pages"}],"about":[{"href":"https:\/\/feuerwehr-ebersgoens.de\/wordpress\/index.php?rest_route=\/wp\/v2\/types\/page"}],"author":[{"embeddable":true,"href":"https:\/\/feuerwehr-ebersgoens.de\/wordpress\/index.php?rest_route=\/wp\/v2\/users\/2"}],"replies":[{"embeddable":true,"href":"https:\/\/feuerwehr-ebersgoens.de\/wordpress\/index.php?rest_route=%2Fwp%2Fv2%2Fcomments&post=51"}],"version-history":[{"count":23,"href":"https:\/\/feuerwehr-ebersgoens.de\/wordpress\/index.php?rest_route=\/wp\/v2\/pages\/51\/revisions"}],"predecessor-version":[{"id":592,"href":"https:\/\/feuerwehr-ebersgoens.de\/wordpress\/index.php?rest_route=\/wp\/v2\/pages\/51\/revisions\/592"}],"wp:attachment":[{"href":"https:\/\/feuerwehr-ebersgoens.de\/wordpress\/index.php?rest_route=%2Fwp%2Fv2%2Fmedia&parent=51"}],"curies":[{"name":"wp","href":"https:\/\/api.w.org\/{rel}","templated":true}]}}