{"id":2,"date":"2022-09-26T14:53:36","date_gmt":"2022-09-26T12:53:36","guid":{"rendered":"http:\/\/feuerwehr-ebersgoens.de\/wordpress\/?page_id=2"},"modified":"2026-04-08T16:00:05","modified_gmt":"2026-04-08T14:00:05","slug":"sample-page","status":"publish","type":"page","link":"https:\/\/feuerwehr-ebersgoens.de\/wordpress\/?page_id=2","title":{"rendered":"Vorstand"},"content":{"rendered":"\n<p><strong>Gesch\u00e4ftsf\u00fchrender Vorstand:<\/strong><\/p>\n\n\n\n<div class=\"wp-block-columns is-layout-flex wp-container-core-columns-is-layout-28f84493 wp-block-columns-is-layout-flex\">\n<div class=\"wp-block-column is-layout-flow wp-block-column-is-layout-flow\">\n<figure class=\"wp-block-image size-full is-style-rounded\"><img loading=\"lazy\" decoding=\"async\" width=\"2560\" height=\"2560\" src=\"https:\/\/feuerwehr-ebersgoens.de\/wordpress\/wp-content\/uploads\/2022\/09\/P1190652-scaled.jpg\" alt=\"\" class=\"wp-image-102\" srcset=\"https:\/\/feuerwehr-ebersgoens.de\/wordpress\/wp-content\/uploads\/2022\/09\/P1190652-scaled.jpg 2560w, https:\/\/feuerwehr-ebersgoens.de\/wordpress\/wp-content\/uploads\/2022\/09\/P1190652-300x300.jpg 300w\" sizes=\"auto, (max-width: 2560px) 100vw, 2560px\" \/><\/figure>\n\n\n\n<p class=\"has-text-align-center\"><strong>Alexander C. Wei\u00df<\/strong><br>1. Vorsitzender<\/p>\n<\/div>\n\n\n\n<div class=\"wp-block-column is-layout-flow wp-block-column-is-layout-flow\">\n<figure class=\"wp-block-image size-full is-style-rounded\"><img decoding=\"async\" src=\"https:\/\/feuerwehr-ebersgoens.de\/wordpress\/wp-content\/uploads\/2022\/09\/P1190636-1.jpg\" alt=\"\" class=\"wp-image-97\"\/><\/figure>\n\n\n\n<p class=\"has-text-align-center\"><strong>J\u00f6rg Wagner<\/strong><br>2. Vorsitzender &amp; Wehrf\u00fchrer<\/p>\n<\/div>\n\n\n\n<div class=\"wp-block-column is-layout-flow wp-block-column-is-layout-flow\">\n<figure class=\"wp-block-image size-full is-style-rounded\"><img decoding=\"async\" src=\"https:\/\/feuerwehr-ebersgoens.de\/wordpress\/wp-content\/uploads\/2022\/09\/P1190644.jpg\" alt=\"\" class=\"wp-image-98\"\/><\/figure>\n\n\n\n<p class=\"has-text-align-center\"><strong>Nico Althenn<\/strong><br>Kassenwart<\/p>\n<\/div>\n<\/div>\n\n\n\n<p><strong>Weitere Vorstandsmitglieder:<\/strong><\/p>\n\n\n\n<div class=\"wp-block-columns is-layout-flex wp-container-core-columns-is-layout-28f84493 wp-block-columns-is-layout-flex\">\n<div class=\"wp-block-column is-layout-flow wp-block-column-is-layout-flow\">\n<figure class=\"wp-block-image size-full is-resized is-style-rounded\"><img loading=\"lazy\" decoding=\"async\" width=\"169\" height=\"169\" src=\"https:\/\/feuerwehr-ebersgoens.de\/wordpress\/wp-content\/uploads\/2022\/09\/NN_m.png\" alt=\"\" class=\"wp-image-186\" style=\"width:264px;height:auto\" srcset=\"https:\/\/feuerwehr-ebersgoens.de\/wordpress\/wp-content\/uploads\/2022\/09\/NN_m.png 169w, https:\/\/feuerwehr-ebersgoens.de\/wordpress\/wp-content\/uploads\/2022\/09\/NN_m-150x150.png 150w\" sizes=\"auto, (max-width: 169px) 100vw, 169px\" \/><\/figure>\n\n\n\n<p class=\"has-text-align-center\"><strong>Sven Tepel<\/strong><br>Schriftf\u00fchrer<\/p>\n<\/div>\n\n\n\n<div class=\"wp-block-column is-layout-flow wp-block-column-is-layout-flow\">\n<figure class=\"wp-block-image size-full is-style-rounded\"><img decoding=\"async\" src=\"https:\/\/feuerwehr-ebersgoens.de\/wordpress\/wp-content\/uploads\/2022\/09\/P1190634.jpg\" alt=\"\" class=\"wp-image-92\"\/><\/figure>\n\n\n\n<p class=\"has-text-align-center\"><strong>Markus Hampl<\/strong><br>1. Stv. Wehrf\u00fchrer<\/p>\n<\/div>\n\n\n\n<div class=\"wp-block-column is-layout-flow wp-block-column-is-layout-flow\">\n<figure class=\"wp-block-image size-full is-style-rounded\"><img decoding=\"async\" src=\"https:\/\/feuerwehr-ebersgoens.de\/wordpress\/wp-content\/uploads\/2022\/09\/P1190630.jpg\" alt=\"\" class=\"wp-image-95\"\/><\/figure>\n\n\n\n<p class=\"has-text-align-center\"><strong>Dr. Stefan Lugert<\/strong><br>2. Stv. Wehrf\u00fchrer<\/p>\n<\/div>\n<\/div>\n\n\n\n<div class=\"wp-block-columns is-layout-flex wp-container-core-columns-is-layout-28f84493 wp-block-columns-is-layout-flex\">\n<div class=\"wp-block-column is-layout-flow wp-block-column-is-layout-flow\">\n<figure class=\"wp-block-image size-full is-style-rounded\"><img decoding=\"async\" src=\"https:\/\/feuerwehr-ebersgoens.de\/wordpress\/wp-content\/uploads\/2022\/09\/P1190638.jpg\" alt=\"\" class=\"wp-image-96\"\/><\/figure>\n\n\n\n<p class=\"has-text-align-center\"><strong>Marcel Reusch<\/strong><br>1. Beisitzer<\/p>\n<\/div>\n\n\n\n<div class=\"wp-block-column is-layout-flow wp-block-column-is-layout-flow\">\n<figure class=\"wp-block-image size-full is-style-rounded\"><img decoding=\"async\" src=\"https:\/\/feuerwehr-ebersgoens.de\/wordpress\/wp-content\/uploads\/2022\/09\/P1190650.jpg\" alt=\"\" class=\"wp-image-101\"\/><\/figure>\n\n\n\n<p class=\"has-text-align-center\"><strong>Martin Hildebrand<\/strong><br>2. Beisitzer<\/p>\n<\/div>\n\n\n\n<div class=\"wp-block-column is-layout-flow wp-block-column-is-layout-flow\">\n<figure class=\"wp-block-image size-large is-style-rounded\"><img loading=\"lazy\" decoding=\"async\" width=\"1024\" height=\"1024\" src=\"https:\/\/feuerwehr-ebersgoens.de\/wordpress\/wp-content\/uploads\/2022\/09\/P1190656-1024x1024.jpg\" alt=\"\" class=\"wp-image-103\" srcset=\"https:\/\/feuerwehr-ebersgoens.de\/wordpress\/wp-content\/uploads\/2022\/09\/P1190656-1024x1024.jpg 1024w, https:\/\/feuerwehr-ebersgoens.de\/wordpress\/wp-content\/uploads\/2022\/09\/P1190656-300x300.jpg 300w, https:\/\/feuerwehr-ebersgoens.de\/wordpress\/wp-content\/uploads\/2022\/09\/P1190656-150x150.jpg 150w, https:\/\/feuerwehr-ebersgoens.de\/wordpress\/wp-content\/uploads\/2022\/09\/P1190656-768x768.jpg 768w, https:\/\/feuerwehr-ebersgoens.de\/wordpress\/wp-content\/uploads\/2022\/09\/P1190656-1536x1536.jpg 1536w, https:\/\/feuerwehr-ebersgoens.de\/wordpress\/wp-content\/uploads\/2022\/09\/P1190656-2048x2048.jpg 2048w\" sizes=\"auto, (max-width: 1024px) 100vw, 1024px\" \/><\/figure>\n\n\n\n<p class=\"has-text-align-center\"><strong>Alexander Weigel<\/strong><br>3. Beisitzer<\/p>\n<\/div>\n<\/div>\n\n\n\n<div class=\"wp-block-columns is-layout-flex wp-container-core-columns-is-layout-28f84493 wp-block-columns-is-layout-flex\">\n<div class=\"wp-block-column is-layout-flow wp-block-column-is-layout-flow\">\n<figure class=\"wp-block-image size-full is-style-rounded\"><img decoding=\"async\" src=\"https:\/\/feuerwehr-ebersgoens.de\/wordpress\/wp-content\/uploads\/2022\/09\/P1190633.jpg\" alt=\"\" class=\"wp-image-93\"\/><\/figure>\n\n\n\n<p class=\"has-text-align-center\"><strong>Joachim Z\u00f6rb<\/strong><br>Ger\u00e4tewart<\/p>\n<\/div>\n\n\n\n<div class=\"wp-block-column is-layout-flow wp-block-column-is-layout-flow\"><\/div>\n\n\n\n<div class=\"wp-block-column is-layout-flow wp-block-column-is-layout-flow\"><\/div>\n<\/div>\n\n\n\n<p><strong>Kassenpr\u00fcfer:<\/strong><\/p>\n\n\n\n<div class=\"wp-block-columns is-layout-flex wp-container-core-columns-is-layout-28f84493 wp-block-columns-is-layout-flex\">\n<div class=\"wp-block-column is-layout-flow wp-block-column-is-layout-flow\">\n<figure class=\"wp-block-image size-full is-resized\"><img loading=\"lazy\" decoding=\"async\" width=\"169\" height=\"169\" src=\"https:\/\/feuerwehr-ebersgoens.de\/wordpress\/wp-content\/uploads\/2022\/09\/NN_w.png\" alt=\"\" class=\"wp-image-187\" style=\"width:264px;height:auto\" srcset=\"https:\/\/feuerwehr-ebersgoens.de\/wordpress\/wp-content\/uploads\/2022\/09\/NN_w.png 169w, https:\/\/feuerwehr-ebersgoens.de\/wordpress\/wp-content\/uploads\/2022\/09\/NN_w-150x150.png 150w\" sizes=\"auto, (max-width: 169px) 100vw, 169px\" \/><\/figure>\n\n\n\n<p class=\"has-text-align-center\"><strong>Leonie Lehmann<\/strong><\/p>\n<\/div>\n\n\n\n<div class=\"wp-block-column is-layout-flow wp-block-column-is-layout-flow\">\n<figure class=\"wp-block-image size-full is-resized\"><img loading=\"lazy\" decoding=\"async\" width=\"169\" height=\"169\" src=\"https:\/\/feuerwehr-ebersgoens.de\/wordpress\/wp-content\/uploads\/2022\/09\/NN_m-4.png\" alt=\"\" class=\"wp-image-192\" style=\"width:264px;height:auto\" srcset=\"https:\/\/feuerwehr-ebersgoens.de\/wordpress\/wp-content\/uploads\/2022\/09\/NN_m-4.png 169w, https:\/\/feuerwehr-ebersgoens.de\/wordpress\/wp-content\/uploads\/2022\/09\/NN_m-4-150x150.png 150w\" sizes=\"auto, (max-width: 169px) 100vw, 169px\" \/><\/figure>\n\n\n\n<p class=\"has-text-align-center\"><strong>Bj\u00f6rn Schmidt<\/strong><\/p>\n<\/div>\n\n\n\n<div class=\"wp-block-column is-layout-flow wp-block-column-is-layout-flow\"><\/div>\n<\/div>\n\n\n\n<p> <\/p>\n\n\n\n<p>Der Vorstand tagt in der Regel am 1. Dienstag eines Monats in der Alten Schule (Zum Wei\u00dfen Stein 27, 35510 Butzbach-Ebersg\u00f6ns).<\/p>\n\n\n\n<p><\/p>\n","protected":false},"excerpt":{"rendered":"<p>Gesch\u00e4ftsf\u00fchrender Vorstand: Alexander C. Wei\u00df1. Vorsitzender J\u00f6rg Wagner2. Vorsitzender &amp; Wehrf\u00fchrer Nico AlthennKassenwart Weitere Vorstandsmitglieder: Sven TepelSchriftf\u00fchrer Markus Hampl1. Stv. Wehrf\u00fchrer Dr. Stefan Lugert2. Stv. Wehrf\u00fchrer Marcel Reusch1. Beisitzer Martin Hildebrand2. Beisitzer Alexander Weigel3. Beisitzer Joachim Z\u00f6rbGer\u00e4tewart Kassenpr\u00fcfer: Leonie Lehmann Bj\u00f6rn Schmidt Der Vorstand tagt in der Regel am 1. Dienstag eines Monats in der [&hellip;]<\/p>\n","protected":false},"author":2,"featured_media":0,"parent":0,"menu_order":0,"comment_status":"closed","ping_status":"open","template":"","meta":{"footnotes":""},"class_list":["post-2","page","type-page","status-publish","hentry"],"_links":{"self":[{"href":"https:\/\/feuerwehr-ebersgoens.de\/wordpress\/index.php?rest_route=\/wp\/v2\/pages\/2","targetHints":{"allow":["GET"]}}],"collection":[{"href":"https:\/\/feuerwehr-ebersgoens.de\/wordpress\/index.php?rest_route=\/wp\/v2\/pages"}],"about":[{"href":"https:\/\/feuerwehr-ebersgoens.de\/wordpress\/index.php?rest_route=\/wp\/v2\/types\/page"}],"author":[{"embeddable":true,"href":"https:\/\/feuerwehr-ebersgoens.de\/wordpress\/index.php?rest_route=\/wp\/v2\/users\/2"}],"replies":[{"embeddable":true,"href":"https:\/\/feuerwehr-ebersgoens.de\/wordpress\/index.php?rest_route=%2Fwp%2Fv2%2Fcomments&post=2"}],"version-history":[{"count":8,"href":"https:\/\/feuerwehr-ebersgoens.de\/wordpress\/index.php?rest_route=\/wp\/v2\/pages\/2\/revisions"}],"predecessor-version":[{"id":614,"href":"https:\/\/feuerwehr-ebersgoens.de\/wordpress\/index.php?rest_route=\/wp\/v2\/pages\/2\/revisions\/614"}],"wp:attachment":[{"href":"https:\/\/feuerwehr-ebersgoens.de\/wordpress\/index.php?rest_route=%2Fwp%2Fv2%2Fmedia&parent=2"}],"curies":[{"name":"wp","href":"https:\/\/api.w.org\/{rel}","templated":true}]}}