{"id":18,"date":"2022-09-26T15:37:10","date_gmt":"2022-09-26T13:37:10","guid":{"rendered":"http:\/\/feuerwehr-ebersgoens.de\/wordpress\/?page_id=18"},"modified":"2026-04-08T14:22:23","modified_gmt":"2026-04-08T12:22:23","slug":"einsatzabteilung","status":"publish","type":"page","link":"https:\/\/feuerwehr-ebersgoens.de\/wordpress\/?page_id=18","title":{"rendered":"Einsatzabteilung"},"content":{"rendered":"\n<p>Die Einsatzabteilung bildet das Kernst\u00fcck der Freiwilligen Feuerwehr in Ebersg\u00f6ns. Die insgesamt 3 Frauen und 11 M\u00e4nner sind diejenigen, die im Notfall bereitstehen. Tag und Nacht an 365 Tagen im Jahr nach dem Grundsatz Retten, L\u00f6schen Bergen, Sch\u00fctzen.<\/p>\n\n\n\n<p>\u00dcbungen und Unterrichte finden i.d.R. am 1. und 3. Donnerstag im Monat ab 19:30 Uhr im Ger\u00e4tehaus (Zum Wei\u00dfen Stein 18) oder im Schulungsraum (Zum Wei\u00dfen Stein 27) statt. Der aktuelle Dienstplan ist \u00fcber den <a href=\"https:\/\/feuerwehr-ebersgoens.de\/wordpress\/?page_id=251\">Kalender<\/a> einzusehen.<\/p>\n\n\n\n<p>Interessenten am Feuerwehrdienst k\u00f6nnen bei den \u00dcbungen\/Unterrichten gerne vorbei schauen.<\/p>\n\n\n\n<p><\/p>\n\n\n\n<p>Bei einer Alarmierung werden aus den verf\u00fcgbaren Einsatzkr\u00e4ften entsprechend der FwDV 3 die folgenden Rollen besetzt:<\/p>\n\n\n\n<figure class=\"wp-block-table\"><table><thead><tr><th>Rolle<\/th><th>Beschreibung<\/th><\/tr><\/thead><tbody><tr><td><strong>Einheitsf\u00fchrer<\/strong><\/td><td>Der Einheitsf\u00fchrer f\u00fchrt seine taktische Einheit. Er ist an keinen bestimmten Platz gebunden. Er ist f\u00fcr die Sicherheit der Mannschaft verantwortlich. Er bestimmt die Fahrzeugaufstellung und gegebenenfalls den Standort der Tragkraftspritze.<\/td><\/tr><tr><td><strong>Maschinist<\/strong><\/td><td>Der Maschinist ist Fahrer und bedient die Feuerl\u00f6schkreiselpumpe sowie die im L\u00f6schfahrzeug eingebauten Aggregate. Er sichert sofort die Einsatzstelle mit Warnblinkanlage, Fahrlicht und blauem Blinklicht. Er unterst\u00fctzt bei der Entnahme der Ger\u00e4te, ist f\u00fcr die ordnungsgem\u00e4\u00dfe Verlastung der Ger\u00e4te verantwortlich und meldet M\u00e4ngel an den Einsatzmitteln dem Einheitsf\u00fchrer. Der Maschinist unterst\u00fctzt beim Aufbau der Wasserversorgung und auf Befehl bei der Atemschutz\u00fcberwachung.<\/td><\/tr><tr><td><strong>Melder<\/strong><\/td><td>Der Melder \u00fcbernimmt befohlene Aufgaben; beispielsweise bei der Lagefeststellung,<br>beim In-Stellung-Bringen der Steckleiter, beim Betreuen von Personen, bei der Informations\u00fcbertragung.<\/td><\/tr><tr><td><strong>Angriffstrupp<\/strong><\/td><td>Der Angriffstrupp rettet; insbesondere aus Bereichen, die nur mit Atemschutzger\u00e4ten betreten werden k\u00f6nnen. Er nimmt in der Regel das erste einzusetzende Strahlrohr vor.<br>Der Angriffstrupp setzt den Verteiler. Er verlegt seine Schlauchleitung sofern kein Schlauchtrupp zur Unterst\u00fctzung bereit steht. St\u00e4rke: 2<\/td><\/tr><tr><td><strong>Wassertrupp<\/strong><\/td><td>Der Wassertrupp rettet; bringt auf Befehl tragbare Leitern in Stellung, stellt die Wasserversorgung vom L\u00f6schfahrzeug zum Verteiler und zwischen L\u00f6schfahrzeug und Wasserentnahmestelle her. Er kuppelt den Verteiler an die B-Schlauchleitung an.<br>Danach wird er beim Atemschutzeinsatz Sicherheitstrupp oder \u00fcbernimmt andere Aufgaben. St\u00e4rke: 2<\/td><\/tr><tr><td><strong>Schlauchtrupp<\/strong><\/td><td>Der Schlauchtrupp rettet; stellt f\u00fcr vorgehende Trupps die Wasserversorgung zwischen<br>Strahlrohr und Verteiler her. Er bringt auf Befehl tragbare Leitern in Stellung und f\u00fchrt weitere T\u00e4tigkeiten durch, beispielsweise bedient er den Verteiler, bringt zus\u00e4tzliche Ger\u00e4te zum Einsatz (Sprungpolster, Beleuchtungsger\u00e4t, Be- und Entl\u00fcftungsger\u00e4t, Sanit\u00e4tsger\u00e4t usw.). St\u00e4rke: 2<\/td><\/tr><\/tbody><\/table><\/figure>\n\n\n\n<p>Das ist die Einsatzabteilung Ebersg\u00f6ns:<\/p>\n\n\n\n<figure class=\"wp-block-gallery has-nested-images columns-default is-cropped wp-block-gallery-1 is-layout-flex wp-block-gallery-is-layout-flex\">\n<figure class=\"wp-block-image size-large is-style-rounded\"><img decoding=\"async\" data-id=\"98\" src=\"https:\/\/feuerwehr-ebersgoens.de\/wordpress\/wp-content\/uploads\/2022\/09\/P1190644.jpg\" alt=\"\" class=\"wp-image-98\"\/><figcaption class=\"wp-element-caption\">Nico Althenn<\/figcaption><\/figure>\n\n\n\n<figure class=\"wp-block-image size-large is-style-rounded\"><img decoding=\"async\" data-id=\"92\" src=\"https:\/\/feuerwehr-ebersgoens.de\/wordpress\/wp-content\/uploads\/2022\/09\/P1190634.jpg\" alt=\"\" class=\"wp-image-92\"\/><figcaption class=\"wp-element-caption\">Markus Hampl<\/figcaption><\/figure>\n\n\n\n<figure class=\"wp-block-image size-large is-style-rounded\"><img decoding=\"async\" data-id=\"101\" src=\"https:\/\/feuerwehr-ebersgoens.de\/wordpress\/wp-content\/uploads\/2022\/09\/P1190650.jpg\" alt=\"\" class=\"wp-image-101\"\/><figcaption class=\"wp-element-caption\">Martin Hildebrand<\/figcaption><\/figure>\n\n\n\n<figure class=\"wp-block-image size-full is-style-rounded\"><img loading=\"lazy\" decoding=\"async\" width=\"169\" height=\"169\" data-id=\"190\" src=\"https:\/\/feuerwehr-ebersgoens.de\/wordpress\/wp-content\/uploads\/2022\/09\/NN_w-1.png\" alt=\"\" class=\"wp-image-190\" srcset=\"https:\/\/feuerwehr-ebersgoens.de\/wordpress\/wp-content\/uploads\/2022\/09\/NN_w-1.png 169w, https:\/\/feuerwehr-ebersgoens.de\/wordpress\/wp-content\/uploads\/2022\/09\/NN_w-1-150x150.png 150w\" sizes=\"auto, (max-width: 169px) 100vw, 169px\" \/><figcaption class=\"wp-element-caption\">Leonie Lehmann<\/figcaption><\/figure>\n\n\n\n<figure class=\"wp-block-image size-large is-style-rounded\"><img decoding=\"async\" data-id=\"95\" src=\"https:\/\/feuerwehr-ebersgoens.de\/wordpress\/wp-content\/uploads\/2022\/09\/P1190630.jpg\" alt=\"\" class=\"wp-image-95\"\/><figcaption class=\"wp-element-caption\">Dr. Stefan Lugert<\/figcaption><\/figure>\n\n\n\n<figure class=\"wp-block-image size-large is-style-rounded\"><img decoding=\"async\" data-id=\"96\" src=\"https:\/\/feuerwehr-ebersgoens.de\/wordpress\/wp-content\/uploads\/2022\/09\/P1190638.jpg\" alt=\"\" class=\"wp-image-96\"\/><figcaption class=\"wp-element-caption\">Marcel Reusch<\/figcaption><\/figure>\n\n\n\n<figure class=\"wp-block-image size-large is-style-rounded\"><img loading=\"lazy\" decoding=\"async\" width=\"169\" height=\"169\" data-id=\"191\" src=\"https:\/\/feuerwehr-ebersgoens.de\/wordpress\/wp-content\/uploads\/2022\/09\/NN_m-3.png\" alt=\"\" class=\"wp-image-191\" srcset=\"https:\/\/feuerwehr-ebersgoens.de\/wordpress\/wp-content\/uploads\/2022\/09\/NN_m-3.png 169w, https:\/\/feuerwehr-ebersgoens.de\/wordpress\/wp-content\/uploads\/2022\/09\/NN_m-3-150x150.png 150w\" sizes=\"auto, (max-width: 169px) 100vw, 169px\" \/><figcaption class=\"wp-element-caption\">Bj\u00f6rn Schmidt<\/figcaption><\/figure>\n\n\n\n<figure class=\"wp-block-image size-large is-style-rounded\"><img loading=\"lazy\" decoding=\"async\" width=\"169\" height=\"169\" data-id=\"191\" src=\"https:\/\/feuerwehr-ebersgoens.de\/wordpress\/wp-content\/uploads\/2022\/09\/NN_m-3.png\" alt=\"\" class=\"wp-image-191\" srcset=\"https:\/\/feuerwehr-ebersgoens.de\/wordpress\/wp-content\/uploads\/2022\/09\/NN_m-3.png 169w, https:\/\/feuerwehr-ebersgoens.de\/wordpress\/wp-content\/uploads\/2022\/09\/NN_m-3-150x150.png 150w\" sizes=\"auto, (max-width: 169px) 100vw, 169px\" \/><figcaption class=\"wp-element-caption\">Sven Tepel<\/figcaption><\/figure>\n\n\n\n<figure class=\"wp-block-image size-large is-style-rounded\"><img decoding=\"async\" data-id=\"97\" src=\"https:\/\/feuerwehr-ebersgoens.de\/wordpress\/wp-content\/uploads\/2022\/09\/P1190636-1.jpg\" alt=\"\" class=\"wp-image-97\"\/><figcaption class=\"wp-element-caption\">J\u00f6rg Wagner<\/figcaption><\/figure>\n\n\n\n<figure class=\"wp-block-image size-large is-style-rounded\"><img loading=\"lazy\" decoding=\"async\" width=\"1024\" height=\"1024\" data-id=\"103\" src=\"https:\/\/feuerwehr-ebersgoens.de\/wordpress\/wp-content\/uploads\/2022\/09\/P1190656-1024x1024.jpg\" alt=\"\" class=\"wp-image-103\" srcset=\"https:\/\/feuerwehr-ebersgoens.de\/wordpress\/wp-content\/uploads\/2022\/09\/P1190656-1024x1024.jpg 1024w, https:\/\/feuerwehr-ebersgoens.de\/wordpress\/wp-content\/uploads\/2022\/09\/P1190656-300x300.jpg 300w, https:\/\/feuerwehr-ebersgoens.de\/wordpress\/wp-content\/uploads\/2022\/09\/P1190656-150x150.jpg 150w, https:\/\/feuerwehr-ebersgoens.de\/wordpress\/wp-content\/uploads\/2022\/09\/P1190656-768x768.jpg 768w, https:\/\/feuerwehr-ebersgoens.de\/wordpress\/wp-content\/uploads\/2022\/09\/P1190656-1536x1536.jpg 1536w, https:\/\/feuerwehr-ebersgoens.de\/wordpress\/wp-content\/uploads\/2022\/09\/P1190656-2048x2048.jpg 2048w\" sizes=\"auto, (max-width: 1024px) 100vw, 1024px\" \/><figcaption class=\"wp-element-caption\">Alexander Weigel<\/figcaption><\/figure>\n\n\n\n<figure class=\"wp-block-image size-large is-style-rounded\"><img loading=\"lazy\" decoding=\"async\" width=\"2560\" height=\"2560\" data-id=\"102\" src=\"https:\/\/feuerwehr-ebersgoens.de\/wordpress\/wp-content\/uploads\/2022\/09\/P1190652-scaled.jpg\" alt=\"\" class=\"wp-image-102\" srcset=\"https:\/\/feuerwehr-ebersgoens.de\/wordpress\/wp-content\/uploads\/2022\/09\/P1190652-scaled.jpg 2560w, https:\/\/feuerwehr-ebersgoens.de\/wordpress\/wp-content\/uploads\/2022\/09\/P1190652-300x300.jpg 300w\" sizes=\"auto, (max-width: 2560px) 100vw, 2560px\" \/><figcaption class=\"wp-element-caption\">Alexander Christoph Wei\u00df<\/figcaption><\/figure>\n\n\n\n<figure class=\"wp-block-image size-full is-style-rounded\"><img decoding=\"async\" data-id=\"99\" src=\"https:\/\/feuerwehr-ebersgoens.de\/wordpress\/wp-content\/uploads\/2022\/09\/P1190646.jpg\" alt=\"\" class=\"wp-image-99\"\/><figcaption class=\"wp-element-caption\">Hanna Z\u00f6rb<\/figcaption><\/figure>\n\n\n\n<figure class=\"wp-block-image size-full is-style-rounded\"><img decoding=\"async\" data-id=\"93\" src=\"https:\/\/feuerwehr-ebersgoens.de\/wordpress\/wp-content\/uploads\/2022\/09\/P1190633.jpg\" alt=\"\" class=\"wp-image-93\"\/><figcaption class=\"wp-element-caption\">Joachim Z\u00f6rb<\/figcaption><\/figure>\n\n\n\n<figure class=\"wp-block-image size-large is-style-rounded\"><img loading=\"lazy\" decoding=\"async\" width=\"1024\" height=\"1024\" data-id=\"100\" src=\"https:\/\/feuerwehr-ebersgoens.de\/wordpress\/wp-content\/uploads\/2022\/09\/P1190647-1024x1024.jpg\" alt=\"\" class=\"wp-image-100\" srcset=\"https:\/\/feuerwehr-ebersgoens.de\/wordpress\/wp-content\/uploads\/2022\/09\/P1190647-1024x1024.jpg 1024w, https:\/\/feuerwehr-ebersgoens.de\/wordpress\/wp-content\/uploads\/2022\/09\/P1190647-300x300.jpg 300w, https:\/\/feuerwehr-ebersgoens.de\/wordpress\/wp-content\/uploads\/2022\/09\/P1190647-150x150.jpg 150w, https:\/\/feuerwehr-ebersgoens.de\/wordpress\/wp-content\/uploads\/2022\/09\/P1190647-768x768.jpg 768w, https:\/\/feuerwehr-ebersgoens.de\/wordpress\/wp-content\/uploads\/2022\/09\/P1190647-1536x1536.jpg 1536w, https:\/\/feuerwehr-ebersgoens.de\/wordpress\/wp-content\/uploads\/2022\/09\/P1190647-2048x2048.jpg 2048w\" sizes=\"auto, (max-width: 1024px) 100vw, 1024px\" \/><figcaption class=\"wp-element-caption\">Laura Z\u00f6rb<\/figcaption><\/figure>\n\n\n\n<figure class=\"wp-block-image size-full is-style-rounded\"><img loading=\"lazy\" decoding=\"async\" width=\"169\" height=\"169\" data-id=\"192\" src=\"https:\/\/feuerwehr-ebersgoens.de\/wordpress\/wp-content\/uploads\/2022\/09\/NN_m-4.png\" alt=\"\" class=\"wp-image-192\" srcset=\"https:\/\/feuerwehr-ebersgoens.de\/wordpress\/wp-content\/uploads\/2022\/09\/NN_m-4.png 169w, https:\/\/feuerwehr-ebersgoens.de\/wordpress\/wp-content\/uploads\/2022\/09\/NN_m-4-150x150.png 150w\" sizes=\"auto, (max-width: 169px) 100vw, 169px\" \/><figcaption class=\"wp-element-caption\">Vielleicht bald Du? <\/figcaption><\/figure>\n<\/figure>\n\n\n\n<p>  <\/p>\n\n\n\n<p class=\"has-text-align-center\"><strong>Wir freuen uns auf Dich!<\/strong><\/p>\n","protected":false},"excerpt":{"rendered":"<p>Die Einsatzabteilung bildet das Kernst\u00fcck der Freiwilligen Feuerwehr in Ebersg\u00f6ns. Die insgesamt 3 Frauen und 11 M\u00e4nner sind diejenigen, die im Notfall bereitstehen. Tag und Nacht an 365 Tagen im Jahr nach dem Grundsatz Retten, L\u00f6schen Bergen, Sch\u00fctzen. \u00dcbungen und Unterrichte finden i.d.R. am 1. und 3. Donnerstag im Monat ab 19:30 Uhr im Ger\u00e4tehaus [&hellip;]<\/p>\n","protected":false},"author":2,"featured_media":0,"parent":0,"menu_order":0,"comment_status":"closed","ping_status":"closed","template":"","meta":{"footnotes":""},"class_list":["post-18","page","type-page","status-publish","hentry"],"_links":{"self":[{"href":"https:\/\/feuerwehr-ebersgoens.de\/wordpress\/index.php?rest_route=\/wp\/v2\/pages\/18","targetHints":{"allow":["GET"]}}],"collection":[{"href":"https:\/\/feuerwehr-ebersgoens.de\/wordpress\/index.php?rest_route=\/wp\/v2\/pages"}],"about":[{"href":"https:\/\/feuerwehr-ebersgoens.de\/wordpress\/index.php?rest_route=\/wp\/v2\/types\/page"}],"author":[{"embeddable":true,"href":"https:\/\/feuerwehr-ebersgoens.de\/wordpress\/index.php?rest_route=\/wp\/v2\/users\/2"}],"replies":[{"embeddable":true,"href":"https:\/\/feuerwehr-ebersgoens.de\/wordpress\/index.php?rest_route=%2Fwp%2Fv2%2Fcomments&post=18"}],"version-history":[{"count":19,"href":"https:\/\/feuerwehr-ebersgoens.de\/wordpress\/index.php?rest_route=\/wp\/v2\/pages\/18\/revisions"}],"predecessor-version":[{"id":612,"href":"https:\/\/feuerwehr-ebersgoens.de\/wordpress\/index.php?rest_route=\/wp\/v2\/pages\/18\/revisions\/612"}],"wp:attachment":[{"href":"https:\/\/feuerwehr-ebersgoens.de\/wordpress\/index.php?rest_route=%2Fwp%2Fv2%2Fmedia&parent=18"}],"curies":[{"name":"wp","href":"https:\/\/api.w.org\/{rel}","templated":true}]}}